{"id":23,"date":"2020-09-15T20:02:50","date_gmt":"2020-09-15T18:02:50","guid":{"rendered":"http:\/\/parafiarybarzowice.pl\/?page_id=23"},"modified":"2026-04-27T08:12:17","modified_gmt":"2026-04-27T06:12:17","slug":"intencje","status":"publish","type":"page","link":"http:\/\/parafiarybarzowice.pl\/index.php\/intencje\/","title":{"rendered":"INTENCJE"},"content":{"rendered":"\n<p><strong><u>INTENCJE MSZY \u015aWI\u0118TY 27.04. &#8211; 3.05.2026<\/u><\/strong><\/p>\n\n\n\n<p><strong>Poniedzia\u0142ek 27.04<\/strong>.<\/p>\n\n\n\n<p><strong>6.30<\/strong> + W\u0142adys\u0142awa Okrzesik w 16 r. \u015bm. z m\u0119\u017cem Tadeuszem i rodzicami z obu stron<\/p>\n\n\n\n<p><strong>18.00<\/strong> O zdrowie i b\u0142og. Bo\u017ce dla Stanis\u0142awy w 75 r. urodzin<\/p>\n\n\n\n<p><strong>Wtorek 28.04<\/strong><strong>.<\/strong><\/p>\n\n\n\n<p><strong>6.30<\/strong> + Stanis\u0142aw Szemla z rodzicami, te\u015bciami i rodze\u0144stwem<\/p>\n\n\n\n<p><strong>18.00 <\/strong>+ Teresa Kufel w 8 r. \u015bm. z m\u0119\u017cem Stanis\u0142awem i synem Stanis\u0142awem, wnukiem i prawnukiem<\/p>\n\n\n\n<p><strong>\u015aroda 29.04. \u015awi\u0119to \u015bw. Katarzyny Siene\u0144skiej, dziewicy i doktora Ko\u015bcio\u0142a<\/strong><\/p>\n\n\n\n<p><strong>6.30<\/strong> + Teresa Kufel z m\u0119\u017cem Stanis\u0142awem i synem<\/p>\n\n\n\n<p><strong>18.00<\/strong> + Stanis\u0142aw Dobija w dn. urodzin z \u017con\u0105 Zofi\u0105<\/p>\n\n\n\n<p><strong>Czwartek 30.04.<\/strong><\/p>\n\n\n\n<p><strong>6.30<\/strong> + Antoni Kubica<\/p>\n\n\n\n<p><strong>18.00 <\/strong>1) + Marta G\u00f3rna z m\u0119\u017cem W\u0142adys\u0142awem, rodzicami z obu stron i c\u00f3rk\u0105 Lucyn\u0105<\/p>\n\n\n\n<p>2) + J\u00f3zef Czernek z \u017con\u0105 Stanis\u0142aw\u0105<\/p>\n\n\n\n<p><strong>Pi\u0105tek 1<\/strong><strong>.05. (I PI\u0104TEK MIESI\u0104CA)<\/strong><\/p>\n\n\n\n<p><strong>6.30<\/strong> 1) W int. Ofiarodawc\u00f3w Wsp\u00f3lnoty OPNSPJ i i ch rodzin z pro\u015bb\u0105 o opiek\u0119 MB Pocieszenia i \u015bw. J\u00f3zefa &#8211; OPNSPJ<\/p>\n\n\n\n<p>2) + Helena Linert<\/p>\n\n\n\n<p><strong>18.00<\/strong> intencje pogrzebowe za ++: Ks. W\u0142adys\u0142aw Urba\u0144czyk, Bogus\u0142aw Moj\u017cesz, Piotr Nikiel, Zofia Dobija, Jacenty G\u00f3rny, Antonina Kotrys, Maria Pietrzykowska, Anna Wandzel, Krystyna Kropacz, Piotr Kocur, Gra\u017cyna Sromek, Jan Dobija, Zofia Dobija, Janina Dobija, Maria Niewdana, J\u00f3zef Placek, Genowefa Rusin, Jan Gwizdo\u0144, Halina Szatanik, Krzysztof Konior, Maria Ko\u0142odziej, Feliks \u015awierczek, Andrzej \u015awi\u0105tek, Teresa Matlak, Jadwiga Damek, Maria Fajkis, Edward Bolecha\u0142a, Maria Moczek, Maria Legierska, W\u0142adys\u0142awa Hetna\u0142, Joanna \u015awierczek, Stanis\u0142aw Durajczyk, Zofia M\u0119drala, Zygmunt \u015awierczek, W\u0142adys\u0142awa Ciurla, Jan \u015awierczek, Krystyna Krawczyk, Czes\u0142awa Kruczek, Zofia Pniewska, Tadeusz K\u0105kol, Otton Hanel, Edward Dobija, Stefan Jakubiec, Jerzy N\u0119dzka, Stanis\u0142aw Katana, Stanis\u0142aw Kubieniec, Tadeusz Wi\u015bniowski, Krzysztof Su\u0142ek, Jan Laszczak, Adam Wojcieszyk, J\u00f3zef Kropacz, Marian Kwa\u015bny, Stanis\u0142aw Pilarz oraz dusze zmar\u0142ych zapomnianych<\/p>\n\n\n\n<p>2) + Maria Dobija w r. \u015bm.<\/p>\n\n\n\n<p><strong>Sobota 2.05. Uroczysto\u015b\u0107 Naj\u015bwi\u0119tszej Maryi Panny Kr\u00f3lowej Polski (I SOBOTA MIESI\u0104CA)<\/strong><\/p>\n\n\n\n<p><strong>7.00<\/strong> W int. Pana Organisty Wojciecha z pro\u015bb\u0105 o zdrowie, b\u0142og. Bo\u017ce z okazji imienin &#8211; KR<\/p>\n\n\n\n<p><strong>11.00 <\/strong>1) W int. Stanis\u0142awa G\u00f3rnego, prezesa OSP Rybarzowice, z pro\u015bb\u0105 o zdrowie, b\u0142og. Bo\u017ce i opiek\u0119 Matki Bo\u017cej Pocieszenia i \u015bw. Floriana z okazji 25-lecia pe\u0142nienia funkcji Prezesa \u2013 od Zarz\u0105du oraz Druh\u00f3w z Rodzinami<\/p>\n\n\n\n<p>2) W int. Druh\u00f3w OSP Rybarzowice z pro\u015bb\u0105 o opiek\u0119 Matki Bo\u017cej Pocieszenia i \u015bw. Floriana<\/p>\n\n\n\n<p>3) Za ++ Druh\u00f3w OSP Rybarzowice<\/p>\n\n\n\n<p><strong>18.00 <\/strong>+ Bronis\u0142awa Chojna z m\u0119\u017cem Franciszkiem<\/p>\n\n\n\n<p><strong>V NIEDZIELA WIELKANOCNA 3.05.<\/strong><\/p>\n\n\n\n<p><strong>7.00<\/strong> 1) + Krystyna z c\u00f3rk\u0105 i rodzicami<\/p>\n\n\n\n<p>2) + Stanis\u0142aw Katana z bratem Tadeuszem<\/p>\n\n\n\n<p><strong>9.00<\/strong> 1) Za Parafian<\/p>\n\n\n\n<p>2) + Maria Ry\u015b z rodzicami i rodze\u0144stwem<\/p>\n\n\n\n<p><strong>11.00<\/strong> 1) W int. Pana Ko\u015bcielnego Marka z pro\u015bb\u0105 o zdrowie, b\u0142og. Bo\u017ce z okazji imienin \u2013 KR<\/p>\n\n\n\n<p>2) + Stanis\u0142aw Rusin z rodzicami i bra\u0107mi<\/p>\n\n\n\n<p><strong>16.00<\/strong> + Maria Cader z m\u0119\u017cem J\u00f3zefem i synem Wies\u0142awem<\/p>\n\n\n\n<p><\/p>\n\n\n\n<p><\/p>\n\n\n\n<p><br><\/p>\n\n\n\n<p><\/p>\n","protected":false},"excerpt":{"rendered":"<p>INTENCJE MSZY \u015aWI\u0118TY 27.04. &#8211; 3.05.2026 Poniedzia\u0142ek 27.04. 6.30 + W\u0142adys\u0142awa Okrzesik w 16 r. \u015bm. z m\u0119\u017cem Tadeuszem i rodzicami z obu stron 18.00 O zdrowie i b\u0142og. Bo\u017ce dla Stanis\u0142awy w 75 r. urodzin Wtorek 28.04. 6.30 + Stanis\u0142aw Szemla z rodzicami, te\u015bciami i rodze\u0144stwem 18.00 + Teresa Kufel w 8 r. \u015bm.\u2026 <span class=\"read-more\"><a href=\"http:\/\/parafiarybarzowice.pl\/index.php\/intencje\/\">Czytaj dalej &raquo;<\/a><\/span><\/p>\n","protected":false},"author":1,"featured_media":0,"parent":0,"menu_order":0,"comment_status":"closed","ping_status":"closed","template":"","meta":[],"_links":{"self":[{"href":"http:\/\/parafiarybarzowice.pl\/index.php\/wp-json\/wp\/v2\/pages\/23"}],"collection":[{"href":"http:\/\/parafiarybarzowice.pl\/index.php\/wp-json\/wp\/v2\/pages"}],"about":[{"href":"http:\/\/parafiarybarzowice.pl\/index.php\/wp-json\/wp\/v2\/types\/page"}],"author":[{"embeddable":true,"href":"http:\/\/parafiarybarzowice.pl\/index.php\/wp-json\/wp\/v2\/users\/1"}],"replies":[{"embeddable":true,"href":"http:\/\/parafiarybarzowice.pl\/index.php\/wp-json\/wp\/v2\/comments?post=23"}],"version-history":[{"count":350,"href":"http:\/\/parafiarybarzowice.pl\/index.php\/wp-json\/wp\/v2\/pages\/23\/revisions"}],"predecessor-version":[{"id":1824,"href":"http:\/\/parafiarybarzowice.pl\/index.php\/wp-json\/wp\/v2\/pages\/23\/revisions\/1824"}],"wp:attachment":[{"href":"http:\/\/parafiarybarzowice.pl\/index.php\/wp-json\/wp\/v2\/media?parent=23"}],"curies":[{"name":"wp","href":"https:\/\/api.w.org\/{rel}","templated":true}]}}